{"id":5606,"date":"2023-10-20T10:31:20","date_gmt":"2023-10-20T08:31:20","guid":{"rendered":"https:\/\/www.avanzarematerials.com\/?page_id=5606"},"modified":"2025-11-13T16:00:37","modified_gmt":"2025-11-13T15:00:37","slug":"perte-vec-ecomovil","status":"publish","type":"page","link":"https:\/\/www.avanzarematerials.com\/es\/perte-vec-ecomovil\/","title":{"rendered":"PERTE-VEC ECOMOVIL"},"content":{"rendered":"<p><img decoding=\"async\" class=\"alignnone wp-image-5596\" src=\"https:\/\/www.avanzarematerials.com\/wp-content\/uploads\/2023\/10\/perte-vec.jpg\" alt=\"\" width=\"696\" height=\"182\" srcset=\"https:\/\/www.avanzarematerials.com\/wp-content\/uploads\/2023\/10\/perte-vec-200x52.jpg 200w, https:\/\/www.avanzarematerials.com\/wp-content\/uploads\/2023\/10\/perte-vec-300x78.jpg 300w, https:\/\/www.avanzarematerials.com\/wp-content\/uploads\/2023\/10\/perte-vec-400x105.jpg 400w, https:\/\/www.avanzarematerials.com\/wp-content\/uploads\/2023\/10\/perte-vec-600x157.jpg 600w, https:\/\/www.avanzarematerials.com\/wp-content\/uploads\/2023\/10\/perte-vec-768x201.jpg 768w, https:\/\/www.avanzarematerials.com\/wp-content\/uploads\/2023\/10\/perte-vec.jpg 784w\" sizes=\"(max-width: 696px) 100vw, 696px\" \/><\/p>\n<p>&nbsp;<\/p>\n<p><strong>T\u00edtulo del proyecto tractor: \u201cAdaptaci\u00f3n del sector del autom\u00f3vil a la transici\u00f3n digital <\/strong><strong>y ecol\u00f3gica para dar respuesta al Nuevo Ecosistema de Movilidad\u201d<\/strong><\/p>\n<p><strong>T\u00edtulo del proyecto primario: \u201cDesarrollo de nuevos materiales de composites de altas <\/strong><strong>capacidades y dise\u00f1o de piezas de automoci\u00f3n m\u00e1s ligeras basadas en EcoDise\u00f1o y<\/strong><br \/>\n<strong>Reciclabilidad\u201d<\/strong><\/p>\n<p><strong>Raz\u00f3n social del beneficiario: AVANZARE INNOVACI\u00d3N TECNOL\u00d3GICA, S.L.<\/strong><\/p>\n<p><strong>N\u00ba de expediente proyecto tractor: VEC-010000-2022-12<\/strong><\/p>\n<p><strong>PERTE del Veh\u00edculo El\u00e9ctrico y Conectado<\/strong><\/p>\n<p>&nbsp;<\/p>\n<p>El proyecto se enmarca en el bloque opcional A.1 \u2013 Fabricaci\u00f3n de componentes del veh\u00edculo inteligente, y en los bloques transversales: T.1 \u2013 Plan de Econom\u00eda Circular y T.2 \u2013 Digitalizaci\u00f3n. El tipo de proyecto es \u2018Investigaci\u00f3n Industrial\u2019 y la l\u00ednea es \u2018Investigaci\u00f3n, Desarrollo e Innovaci\u00f3n\u2019.<\/p>\n<p>El proyecto tiene el objetivo principal de generar un nuevo ecosistema de movilidad inteligente y multimodal basado en el transporte eficiente y sostenible. Para ello, se llevar\u00e1 a cabo la investigaci\u00f3n en dos \u00e1mbitos claves como son:<\/p>\n<ul>\n<li>Transformaci\u00f3n de la industria manufacturera del autom\u00f3vil hacia un modelo sostenible, digital y que integre los principios de la industria 4.0.<\/li>\n<li>Nuevos sistemas de propulsi\u00f3n alternativos para los veh\u00edculos, apostando por sistemas electrificados con 0 emisiones de GEI, interconectados y quemejoren la eficiencia de la movilidad urbana e interurbana.<\/li>\n<\/ul>\n<p><img decoding=\"async\" class=\"alignnone size-full wp-image-12678\" src=\"https:\/\/www.avanzarematerials.com\/wp-content\/uploads\/2025\/08\/ECOMOVIL.png\" alt=\"\" width=\"711\" height=\"503\" srcset=\"https:\/\/www.avanzarematerials.com\/wp-content\/uploads\/2025\/08\/ECOMOVIL-200x141.png 200w, https:\/\/www.avanzarematerials.com\/wp-content\/uploads\/2025\/08\/ECOMOVIL-300x212.png 300w, https:\/\/www.avanzarematerials.com\/wp-content\/uploads\/2025\/08\/ECOMOVIL-400x283.png 400w, https:\/\/www.avanzarematerials.com\/wp-content\/uploads\/2025\/08\/ECOMOVIL-600x424.png 600w, https:\/\/www.avanzarematerials.com\/wp-content\/uploads\/2025\/08\/ECOMOVIL.png 711w\" sizes=\"(max-width: 711px) 100vw, 711px\" \/>\u00a0 \u00a0 \u00a0 \u00a0 \u00a0 \u00a0 \u00a0 \u00a0 \u00a0 \u00a0 \u00a0 \u00a0 \u00a0 \u00a0 \u00a0 \u00a0 \u00a0 \u00a0 \u00a0 \u00a0 \u00a0 \u00a0 \u00a0 \u00a0 \u00a0 \u00a0 \u00a0<img decoding=\"async\" class=\"size-full wp-image-12669 alignnone\" src=\"https:\/\/www.avanzarematerials.com\/wp-content\/uploads\/2025\/08\/T.E.S.I.S-1.png\" alt=\"\" width=\"711\" height=\"500\" srcset=\"https:\/\/www.avanzarematerials.com\/wp-content\/uploads\/2025\/08\/T.E.S.I.S-1-200x141.png 200w, https:\/\/www.avanzarematerials.com\/wp-content\/uploads\/2025\/08\/T.E.S.I.S-1-300x211.png 300w, https:\/\/www.avanzarematerials.com\/wp-content\/uploads\/2025\/08\/T.E.S.I.S-1-400x281.png 400w, https:\/\/www.avanzarematerials.com\/wp-content\/uploads\/2025\/08\/T.E.S.I.S-1-600x422.png 600w, https:\/\/www.avanzarematerials.com\/wp-content\/uploads\/2025\/08\/T.E.S.I.S-1.png 711w\" sizes=\"(max-width: 711px) 100vw, 711px\" \/><\/p>\n<p>El proyecto se enmarca en el bloque A.1 \u2013 Fabricaci\u00f3n de componentes del veh\u00edculo inteligente, y en los bloques transversales T.1 \u2013 Plan de Econom\u00eda Circular y T.2 \u2013 Digitalizaci\u00f3n Industrial. El tipo de proyecto corresponde a Formaci\u00f3n y Capacitaci\u00f3n aplicada al PERTE del Veh\u00edculo El\u00e9ctrico y Conectado (VEC), dentro de la l\u00ednea de Formaci\u00f3n, Recualificaci\u00f3n y Transferencia Tecnol\u00f3gica.<\/p>\n<p>El proyecto tiene como objetivo principal dotar a los profesionales de Avanzare Innovaci\u00f3n Tecnol\u00f3gica de las competencias pr\u00e1cticas necesarias para la fabricaci\u00f3n ligera en automoci\u00f3n, concretamente en laminado de materiales compuestos (Prepreg y Wet Layup), contribuyendo a la reducci\u00f3n de peso, eficiencia energ\u00e9tica y sostenibilidad industrial.<\/p>\n<p>Para ello, se llevar\u00e1 a cabo la investigaci\u00f3n en dos \u00e1mbitos clave como son:<\/p>\n<ul>\n<li>Transformaci\u00f3n de la industria manufacturera del autom\u00f3vil hacia un modelo sostenible, digital y conectado, integrando los principios de la Industria 4.0 y el aprendizaje pr\u00e1ctico especializado en materiales avanzados.<\/li>\n<li>Impulso de la econom\u00eda circular y de la eficiencia energ\u00e9tica mediante la formaci\u00f3n en procesos de laminado de composites, esenciales para el desarrollo de componentes ligeros y de alto rendimiento aplicables al veh\u00edculo el\u00e9ctrico y conectado.<\/li>\n<\/ul>\n<p>&nbsp;<\/p>\n<p><img decoding=\"async\" class=\"alignnone wp-image-13231 size-fusion-800\" src=\"https:\/\/www.avanzarematerials.com\/wp-content\/uploads\/2025\/11\/PERTE-ECOMOVIL-VEC-800x448.png\" alt=\"\" width=\"800\" height=\"448\" srcset=\"https:\/\/www.avanzarematerials.com\/wp-content\/uploads\/2025\/11\/PERTE-ECOMOVIL-VEC-200x112.png 200w, https:\/\/www.avanzarematerials.com\/wp-content\/uploads\/2025\/11\/PERTE-ECOMOVIL-VEC-300x168.png 300w, https:\/\/www.avanzarematerials.com\/wp-content\/uploads\/2025\/11\/PERTE-ECOMOVIL-VEC-400x224.png 400w, https:\/\/www.avanzarematerials.com\/wp-content\/uploads\/2025\/11\/PERTE-ECOMOVIL-VEC-600x336.png 600w, https:\/\/www.avanzarematerials.com\/wp-content\/uploads\/2025\/11\/PERTE-ECOMOVIL-VEC-768x430.png 768w, https:\/\/www.avanzarematerials.com\/wp-content\/uploads\/2025\/11\/PERTE-ECOMOVIL-VEC-800x448.png 800w, https:\/\/www.avanzarematerials.com\/wp-content\/uploads\/2025\/11\/PERTE-ECOMOVIL-VEC-1024x574.png 1024w, https:\/\/www.avanzarematerials.com\/wp-content\/uploads\/2025\/11\/PERTE-ECOMOVIL-VEC-1200x672.png 1200w, https:\/\/www.avanzarematerials.com\/wp-content\/uploads\/2025\/11\/PERTE-ECOMOVIL-VEC.png 1276w\" sizes=\"(max-width: 800px) 100vw, 800px\" \/><\/p>\n","protected":false},"excerpt":{"rendered":"<p>&nbsp; T\u00edtulo del proyecto tractor: \u201cAdaptaci\u00f3n del sector del autom\u00f3vil  [&#8230;]<\/p>\n","protected":false},"author":3,"featured_media":0,"parent":0,"menu_order":0,"comment_status":"closed","ping_status":"closed","template":"","meta":{"footnotes":""},"class_list":["post-5606","page","type-page","status-publish","hentry"],"yoast_head":"<!-- This site is optimized with the Yoast SEO plugin v28.3 - https:\/\/yoast.com\/product\/yoast-seo-wordpress\/ -->\n<title>PERTE-VEC ECOMOVIL - Avanzare Materials<\/title>\n<meta name=\"robots\" content=\"index, follow, max-snippet:-1, max-image-preview:large, max-video-preview:-1\" \/>\n<link rel=\"canonical\" href=\"https:\/\/www.avanzarematerials.com\/es\/perte-vec-ecomovil\/\" \/>\n<meta property=\"og:locale\" content=\"es_ES\" \/>\n<meta property=\"og:type\" content=\"article\" \/>\n<meta property=\"og:title\" content=\"PERTE-VEC ECOMOVIL - Avanzare Materials\" \/>\n<meta property=\"og:description\" content=\"&nbsp; T\u00edtulo del proyecto tractor: \u201cAdaptaci\u00f3n del sector del autom\u00f3vil [...]\" \/>\n<meta property=\"og:url\" content=\"https:\/\/www.avanzarematerials.com\/es\/perte-vec-ecomovil\/\" \/>\n<meta property=\"og:site_name\" content=\"Avanzare Materials\" \/>\n<meta property=\"article:modified_time\" content=\"2025-11-13T15:00:37+00:00\" \/>\n<meta property=\"og:image\" content=\"https:\/\/www.avanzarematerials.com\/wp-content\/uploads\/2023\/10\/perte-vec.jpg\" \/>\n\t<meta property=\"og:image:width\" content=\"784\" \/>\n\t<meta property=\"og:image:height\" content=\"205\" \/>\n\t<meta property=\"og:image:type\" content=\"image\/jpeg\" \/>\n<meta name=\"twitter:card\" content=\"summary_large_image\" \/>\n<meta name=\"twitter:label1\" content=\"Tiempo de lectura\" \/>\n\t<meta name=\"twitter:data1\" content=\"3 minutos\" \/>\n<script type=\"application\/ld+json\" class=\"yoast-schema-graph\">{\"@context\":\"https:\\\/\\\/schema.org\",\"@graph\":[{\"@type\":\"WebPage\",\"@id\":\"https:\\\/\\\/www.avanzarematerials.com\\\/es\\\/perte-vec-ecomovil\\\/\",\"url\":\"https:\\\/\\\/www.avanzarematerials.com\\\/es\\\/perte-vec-ecomovil\\\/\",\"name\":\"PERTE-VEC ECOMOVIL - Avanzare Materials\",\"isPartOf\":{\"@id\":\"https:\\\/\\\/www.avanzarematerials.com\\\/es\\\/#website\"},\"primaryImageOfPage\":{\"@id\":\"https:\\\/\\\/www.avanzarematerials.com\\\/es\\\/perte-vec-ecomovil\\\/#primaryimage\"},\"image\":{\"@id\":\"https:\\\/\\\/www.avanzarematerials.com\\\/es\\\/perte-vec-ecomovil\\\/#primaryimage\"},\"thumbnailUrl\":\"https:\\\/\\\/www.avanzarematerials.com\\\/wp-content\\\/uploads\\\/2023\\\/10\\\/perte-vec.jpg\",\"datePublished\":\"2023-10-20T08:31:20+00:00\",\"dateModified\":\"2025-11-13T15:00:37+00:00\",\"breadcrumb\":{\"@id\":\"https:\\\/\\\/www.avanzarematerials.com\\\/es\\\/perte-vec-ecomovil\\\/#breadcrumb\"},\"inLanguage\":\"es\",\"potentialAction\":[{\"@type\":\"ReadAction\",\"target\":[\"https:\\\/\\\/www.avanzarematerials.com\\\/es\\\/perte-vec-ecomovil\\\/\"]}]},{\"@type\":\"ImageObject\",\"inLanguage\":\"es\",\"@id\":\"https:\\\/\\\/www.avanzarematerials.com\\\/es\\\/perte-vec-ecomovil\\\/#primaryimage\",\"url\":\"https:\\\/\\\/www.avanzarematerials.com\\\/wp-content\\\/uploads\\\/2023\\\/10\\\/perte-vec.jpg\",\"contentUrl\":\"https:\\\/\\\/www.avanzarematerials.com\\\/wp-content\\\/uploads\\\/2023\\\/10\\\/perte-vec.jpg\"},{\"@type\":\"BreadcrumbList\",\"@id\":\"https:\\\/\\\/www.avanzarematerials.com\\\/es\\\/perte-vec-ecomovil\\\/#breadcrumb\",\"itemListElement\":[{\"@type\":\"ListItem\",\"position\":1,\"name\":\"Portada\",\"item\":\"https:\\\/\\\/www.avanzarematerials.com\\\/es\\\/\"},{\"@type\":\"ListItem\",\"position\":2,\"name\":\"PERTE-VEC ECOMOVIL\"}]},{\"@type\":\"WebSite\",\"@id\":\"https:\\\/\\\/www.avanzarematerials.com\\\/es\\\/#website\",\"url\":\"https:\\\/\\\/www.avanzarematerials.com\\\/es\\\/\",\"name\":\"Avanzare Materials\",\"description\":\"Inventing the future\",\"potentialAction\":[{\"@type\":\"SearchAction\",\"target\":{\"@type\":\"EntryPoint\",\"urlTemplate\":\"https:\\\/\\\/www.avanzarematerials.com\\\/es\\\/?s={search_term_string}\"},\"query-input\":{\"@type\":\"PropertyValueSpecification\",\"valueRequired\":true,\"valueName\":\"search_term_string\"}}],\"inLanguage\":\"es\"}]}<\/script>\n<!-- \/ Yoast SEO plugin. -->","yoast_head_json":{"title":"PERTE-VEC ECOMOVIL - Avanzare Materials","robots":{"index":"index","follow":"follow","max-snippet":"max-snippet:-1","max-image-preview":"max-image-preview:large","max-video-preview":"max-video-preview:-1"},"canonical":"https:\/\/www.avanzarematerials.com\/es\/perte-vec-ecomovil\/","og_locale":"es_ES","og_type":"article","og_title":"PERTE-VEC ECOMOVIL - Avanzare Materials","og_description":"&nbsp; T\u00edtulo del proyecto tractor: \u201cAdaptaci\u00f3n del sector del autom\u00f3vil [...]","og_url":"https:\/\/www.avanzarematerials.com\/es\/perte-vec-ecomovil\/","og_site_name":"Avanzare Materials","article_modified_time":"2025-11-13T15:00:37+00:00","og_image":[{"width":784,"height":205,"url":"https:\/\/www.avanzarematerials.com\/wp-content\/uploads\/2023\/10\/perte-vec.jpg","type":"image\/jpeg"}],"twitter_card":"summary_large_image","twitter_misc":{"Tiempo de lectura":"3 minutos"},"schema":{"@context":"https:\/\/schema.org","@graph":[{"@type":"WebPage","@id":"https:\/\/www.avanzarematerials.com\/es\/perte-vec-ecomovil\/","url":"https:\/\/www.avanzarematerials.com\/es\/perte-vec-ecomovil\/","name":"PERTE-VEC ECOMOVIL - Avanzare Materials","isPartOf":{"@id":"https:\/\/www.avanzarematerials.com\/es\/#website"},"primaryImageOfPage":{"@id":"https:\/\/www.avanzarematerials.com\/es\/perte-vec-ecomovil\/#primaryimage"},"image":{"@id":"https:\/\/www.avanzarematerials.com\/es\/perte-vec-ecomovil\/#primaryimage"},"thumbnailUrl":"https:\/\/www.avanzarematerials.com\/wp-content\/uploads\/2023\/10\/perte-vec.jpg","datePublished":"2023-10-20T08:31:20+00:00","dateModified":"2025-11-13T15:00:37+00:00","breadcrumb":{"@id":"https:\/\/www.avanzarematerials.com\/es\/perte-vec-ecomovil\/#breadcrumb"},"inLanguage":"es","potentialAction":[{"@type":"ReadAction","target":["https:\/\/www.avanzarematerials.com\/es\/perte-vec-ecomovil\/"]}]},{"@type":"ImageObject","inLanguage":"es","@id":"https:\/\/www.avanzarematerials.com\/es\/perte-vec-ecomovil\/#primaryimage","url":"https:\/\/www.avanzarematerials.com\/wp-content\/uploads\/2023\/10\/perte-vec.jpg","contentUrl":"https:\/\/www.avanzarematerials.com\/wp-content\/uploads\/2023\/10\/perte-vec.jpg"},{"@type":"BreadcrumbList","@id":"https:\/\/www.avanzarematerials.com\/es\/perte-vec-ecomovil\/#breadcrumb","itemListElement":[{"@type":"ListItem","position":1,"name":"Portada","item":"https:\/\/www.avanzarematerials.com\/es\/"},{"@type":"ListItem","position":2,"name":"PERTE-VEC ECOMOVIL"}]},{"@type":"WebSite","@id":"https:\/\/www.avanzarematerials.com\/es\/#website","url":"https:\/\/www.avanzarematerials.com\/es\/","name":"Avanzare Materials","description":"Inventing the future","potentialAction":[{"@type":"SearchAction","target":{"@type":"EntryPoint","urlTemplate":"https:\/\/www.avanzarematerials.com\/es\/?s={search_term_string}"},"query-input":{"@type":"PropertyValueSpecification","valueRequired":true,"valueName":"search_term_string"}}],"inLanguage":"es"}]}},"_links":{"self":[{"href":"https:\/\/www.avanzarematerials.com\/es\/wp-json\/wp\/v2\/pages\/5606","targetHints":{"allow":["GET"]}}],"collection":[{"href":"https:\/\/www.avanzarematerials.com\/es\/wp-json\/wp\/v2\/pages"}],"about":[{"href":"https:\/\/www.avanzarematerials.com\/es\/wp-json\/wp\/v2\/types\/page"}],"author":[{"embeddable":true,"href":"https:\/\/www.avanzarematerials.com\/es\/wp-json\/wp\/v2\/users\/3"}],"replies":[{"embeddable":true,"href":"https:\/\/www.avanzarematerials.com\/es\/wp-json\/wp\/v2\/comments?post=5606"}],"version-history":[{"count":14,"href":"https:\/\/www.avanzarematerials.com\/es\/wp-json\/wp\/v2\/pages\/5606\/revisions"}],"predecessor-version":[{"id":13242,"href":"https:\/\/www.avanzarematerials.com\/es\/wp-json\/wp\/v2\/pages\/5606\/revisions\/13242"}],"wp:attachment":[{"href":"https:\/\/www.avanzarematerials.com\/es\/wp-json\/wp\/v2\/media?parent=5606"}],"curies":[{"name":"wp","href":"https:\/\/api.w.org\/{rel}","templated":true}]}}